{"id":5850,"date":"2024-07-10T14:29:13","date_gmt":"2024-07-10T18:29:13","guid":{"rendered":"https:\/\/www.lorganisme.com\/?post_type=other_artist&#038;p=5850"},"modified":"2024-11-12T14:22:25","modified_gmt":"2024-11-12T19:22:25","slug":"amelie-rajotte","status":"publish","type":"other_artist","link":"https:\/\/www.lorganisme.com\/fr\/autres-artistes\/amelie-rajotte\/","title":{"rendered":"Am\u00e9lie Rajotte"},"content":{"rendered":"\n<h2 class=\"wp-block-heading has-medium-font-size\"><strong>Biographie<\/strong><\/h2>\n\n\n\n<p>Am\u00e9lie Rajotte \u0153uvre comme artiste en danse contemporaine depuis 2006. Elle a sign\u00e9 entre autres les pi\u00e8ces&nbsp;<em>Tenir debout<\/em>&nbsp;(2009),&nbsp;<em>The Squirrel and the Mirror<\/em>&nbsp;(2011),&nbsp;<em>Carnaval<\/em>&nbsp;(2014) et&nbsp;<em>La possibilit\u00e9 d\u2019une trag\u00e9die<\/em>&nbsp;(2019). En parall\u00e8le de ses cr\u00e9ations, Am\u00e9lie a collabor\u00e9 en tant qu\u2019interpr\u00e8te \u00e0 divers projets de performances, recherches et cr\u00e9ations dont ceux de Karine Denault, Sylvain \u00c9mard, Lynda Gaudreau, H\u00e9l\u00e8ne Langevin, Karina Iraola, Lara Kramer, Brice Noeser, Pierre-Paul Savoie et Jessica Serli. Dipl\u00f4m\u00e9e du Conservatoire National de Grenoble, elle a \u00e9galement compl\u00e9t\u00e9 au Cefedem de Normandie un Dipl\u00f4me d\u2019\u00c9tat de professeur en danse contemporaine et une ma\u00eetrise en 2017 au D\u00e9partement de danse de l\u2019Universit\u00e9 du Qu\u00e9bec \u00e0 Montr\u00e9al. Am\u00e9lie est membre co-fondatrice de Lorganisme.<\/p>\n\n\n\n<h2 class=\"wp-block-heading has-medium-font-size\"><strong>D\u00e9marche<\/strong><\/h2>\n\n\n\n<p>Am\u00e9lie Rajotte a une approche interdisciplinaire marqu\u00e9e par des pr\u00e9occupations philosophiques et par sa fascination pour les comportements humains. Elle s\u2019int\u00e9resse aux archives corporelles et au potentiel plastique du corps en interrelation avec son environnement. Fine observatrice du quotidien, elle \u00e9labore ses \u0153uvres autour d\u2019un r\u00e9pertoire de gestes ou d\u2019actions sp\u00e9cifiques qu\u2019elle sort de leur cadre habituel pour les d\u00e9cortiquer et les m\u00e9taboliser en utilisant la r\u00e9p\u00e9tition, la multiplication, l\u2019accumulation et la distorsion. Men\u00e9e par son d\u00e9sir de sublimer le geste le plus banal pour en r\u00e9v\u00e9ler sa puissance po\u00e9tique, elle conduit les spectateur\u00b7rices dans des univers d\u00e9cal\u00e9s, dans une forme performative ou plus conventionnelle, qu\u2019ils et elles peuvent investir de leur propre r\u00e9cit.<\/p>\n\n\n\n<h2 class=\"wp-block-heading has-medium-font-size\"><strong>Cr\u00e9ation actuelle : La disparition des choses<\/strong><\/h2>\n\n\n\n<p>Et si la Nature n\u2019existait plus ? Amput\u00e9es de cet indispensable, les performeuses Am\u00e9lie Rajotte et Marie-Philippe Santerre s\u2019attachent \u00e0 maintenir en vie le souvenir d\u2019un environnement disparu.<\/p>\n\n\n\n<p>Soutenues dans leur qu\u00eate par deux musiciens et les projections-paysages de l\u2019artiste en arts m\u00e9diatiques&nbsp;<a href=\"https:\/\/nellyeverajotte.com\/\">Nelly-\u00c8ve Rajotte<\/a>, elles effleurent, arrachent, brassent, creusent des mati\u00e8res, surfaces et reliefs invisibles. Les mains flairant le vide, les corps se redirigeant sans cesse. Aux sons des synth\u00e9tiseurs modulaires d\u2019Olivier Landry-Gagnon et des instruments \u00ab trafiqu\u00e9s \u00bb de Stephanie Castonguay, par un solide travail de pr\u00e9sence, le geste, pour pallier l\u2019absence, tente de r\u00e9activer des sensations \u00e9vanouies, de provoquer une connexion \u00e9trange avec ce qui n\u2019est plus.<\/p>\n\n\n\n<p>Chor\u00e9graphie &#8211; Am\u00e9lie Rajotte<br>Danseuses &#8211; Am\u00e9lie Rajotte et Marie-Philippe Santerre<br>R\u00e9alisation et performance sonore &#8211; Stephanie Castonguay et Olivier Landry-Gagnon<br>Conceptrice et performance vid\u00e9o &#8211; Nelly-\u00c8ve Rajotte<br>Conseill\u00e8re \u00e0 la dramaturgie &#8211; Sophie Michaud<br>Conseill\u00e8re artistique &#8211; Jessica Serli<br>\u00c9clairages &#8211; St\u00e9phane M\u00e9nigot<br>Direction technique et r\u00e9gie son &#8211; Samuel Th\u00e9riault<br>Costumes &#8211; L\u00e9onie Blanchet<br>Direction de production &#8211; Maurice-Gaston Du Berger<br>Producteurs \/ Coproducteurs &#8211; Agora de la danse<br>Production d\u00e9l\u00e9gu\u00e9e &#8211; Lorganisme<br>Soutien &#8211; Conseil des Arts et des Lettres du Qu\u00e9bec et Conseil des arts du Canada<br>R\u00e9sidences de cr\u00e9ation &#8211; Fabrik Potsdam, Centre des Arts Diane-Dufresne, Circuit-Est Centre chor\u00e9graphique, Maison de la culture du Plateau-Mont-Royal, Recto Verso (Qu\u00e9bec), Agora de la danse<\/p>\n\n\n\n<figure class=\"wp-block-embed is-type-video is-provider-vimeo wp-block-embed-vimeo wp-embed-aspect-16-9 wp-has-aspect-ratio\"><div class=\"wp-block-embed__wrapper\">\n<iframe loading=\"lazy\" title=\"La disparition des choses - Teaser - Am\u00e9lie Rajotte | lorganisme\" src=\"https:\/\/player.vimeo.com\/video\/646193075?dnt=1&amp;app_id=122963\" width=\"500\" height=\"281\" frameborder=\"0\" allow=\"autoplay; fullscreen; picture-in-picture; clipboard-write\"><\/iframe>\n<\/div><\/figure>\n\n\n\n<h3 class=\"wp-block-heading\">Dates \u00e0 venir<\/h3>\n\n\n\n<p>11 &#8211; 14 D\u00c9C. 2024 \u2013 La disparition des choses \u2013 <a href=\"https:\/\/danse.uqam.ca\/general\/la-disparition-des-choses-recreation-amelie-rajote-11-au-14-decembre-2024-19h30\/\">D\u00e9partement de danse de l&rsquo;UQAM<\/a>, Montr\u00e9al, QC, Canada<\/p>\n","protected":false},"featured_media":0,"menu_order":0,"template":"","class_list":["post-5850","other_artist","type-other_artist","status-publish","hentry"],"acf":[],"_links":{"self":[{"href":"https:\/\/www.lorganisme.com\/fr\/wp-json\/wp\/v2\/other_artist\/5850","targetHints":{"allow":["GET"]}}],"collection":[{"href":"https:\/\/www.lorganisme.com\/fr\/wp-json\/wp\/v2\/other_artist"}],"about":[{"href":"https:\/\/www.lorganisme.com\/fr\/wp-json\/wp\/v2\/types\/other_artist"}],"version-history":[{"count":3,"href":"https:\/\/www.lorganisme.com\/fr\/wp-json\/wp\/v2\/other_artist\/5850\/revisions"}],"predecessor-version":[{"id":6389,"href":"https:\/\/www.lorganisme.com\/fr\/wp-json\/wp\/v2\/other_artist\/5850\/revisions\/6389"}],"wp:attachment":[{"href":"https:\/\/www.lorganisme.com\/fr\/wp-json\/wp\/v2\/media?parent=5850"}],"curies":[{"name":"wp","href":"https:\/\/api.w.org\/{rel}","templated":true}]}}